{"id":41,"date":"2023-12-11T21:28:14","date_gmt":"2023-12-11T20:28:14","guid":{"rendered":"http:\/\/www.celinerifflart.com\/?page_id=41"},"modified":"2024-03-30T14:33:36","modified_gmt":"2024-03-30T13:33:36","slug":"realisations","status":"publish","type":"page","link":"https:\/\/www.celinerifflart.com\/index.php\/realisations\/","title":{"rendered":"R\u00e9alisations"},"content":{"rendered":"\t\t<div data-elementor-type=\"wp-page\" data-elementor-id=\"41\" class=\"elementor elementor-41\">\n\t\t\t\t\t\t\t<div class=\"elementor-element elementor-element-a1d2796 e-flex e-con-boxed wpr-particle-no wpr-jarallax-no wpr-parallax-no wpr-sticky-section-no e-con e-parent\" data-id=\"a1d2796\" data-element_type=\"container\" data-settings=\"{&quot;content_width&quot;:&quot;boxed&quot;}\" data-core-v316-plus=\"true\">\n\t\t\t\t\t<div class=\"e-con-inner\">\n\t\t\t\t<div class=\"elementor-element elementor-element-d4f7f7a meta-visibility-show title_position_default title_hover_border_default title-default img_hover_animation_default meta_position_default readmore-btn-default-style grid-hover-overlay-type-always grid-hover-overlay-height-default hover-overlay-height-default tpg-border-bottom-disable elementor-widget elementor-widget-tpg-grid-hover-layout\" data-id=\"d4f7f7a\" data-element_type=\"widget\" data-widget_type=\"tpg-grid-hover-layout.default\">\n\t\t\t\t<div class=\"elementor-widget-container\">\n\t\t\t\r\n        <div class=\"rt-container-fluid rt-tpg-container tpg-el-main-wrapper grid_hover-layout2-main \"\r\n             id=\"rt-tpg-container-1509514968\"\r\n             data-layout=\"grid_hover-layout2\"\r\n             data-sc-id=\"elementor\"\r\n             data-el-settings=''\r\n             data-el-query=''\r\n             data-el-path=''\r\n        >\r\n\t\t\t<div class='tpg-header-wrapper '><\/div>\r\n            <div data-title=\"Loading ...\"\r\n                 class=\"rt-row rt-content-loader grid_hover-layout2 tpg-even grid-behaviour grid_hover_layout_wrapper\">\r\n\t\t\t\t\r\n<div class=\"rt-col-md-4 rt-col-sm-6 rt-col-xs-12 default rt-grid-hover-item rt-grid-item\" data-id=\"866\">\r\n\t<div class=\"rt-holder tpg-post-holder\">\r\n\t\t<div class=\"rt-detail rt-el-content-wrapper\">\r\n\t\t\t\t\t\t\t<div class=\"rt-img-holder tpg-el-image-wrap has-thumbnail\">\r\n\t\t\t\t\t<a data-id=\"866\" href=\"https:\/\/www.celinerifflart.com\/index.php\/2026\/04\/09\/definition-et-mise-en-oeuvre-de-la-strategie-digitale-pour-nature\/\" class=\"tpg-post-link\" target=\"_self\">                        <img fetchpriority=\"high\" decoding=\"async\" src=\"https:\/\/www.celinerifflart.com\/wp-content\/uploads\/2022\/04\/Capture-decran-2024-04-09-084436-768x470.png\"\r\n                             class=\"rt-img-responsive\"\r\n                             width=\"640\"\r\n                             height=\"392\"\r\n                             alt=\"D\u00e9finition et mise en oeuvre de\u00a0la strat\u00e9gie digitale pour nature&amp;\">\r\n\t\t\t\t\t\t\r\n\t\t\t\t\t\t\t\r\n\t\t<\/a>\r\n\t\t        <div class=\"overlay grid-hover-content\"><\/div>\r\n\t\t\t\t\t\t<\/div>\r\n\t\t\t\r\n\t\t\t<div class=\"grid-hover-content\">\r\n\r\n\t\t\t\t<div class=\"entry-title-wrapper\"><h4 class=\"entry-title\"><a data-id=\"866\" href=\"https:\/\/www.celinerifflart.com\/index.php\/2026\/04\/09\/definition-et-mise-en-oeuvre-de-la-strategie-digitale-pour-nature\/\" class=\"tpg-post-link\" target=\"_self\">D\u00e9finition et mise en oeuvre de\u00a0la strat\u00e9gie digitale pour nature&amp;<\/a><\/h4><\/div>\r\n\r\n\t\t\t\t\t\t\t\t\t<div class=\"post-meta-tags rt-el-post-meta\">\r\n\t\t\t\t\t\t            <span class=\"date\">\r\n\t\t\t\t<i class=\"flaticon-calendar \"><\/i>\t\t\t\t<a href=\"https:\/\/www.celinerifflart.com\/index.php\/2026\/04\/09\/\">\r\n\t\t\t\t\t9 avril 2026\t\t\t\t<\/a>\r\n\t\t\t<\/span>\r\n\t\t\t\t\t\t\t\t<\/div>\r\n\t\t\t\t\r\n\t\t\t\t\t\t\t\t\t<div class=\"tpg-excerpt tpg-el-excerpt\">\r\n\t\t\t\t\t\t\t\t\t\t\t\t\t<div class=\"tpg-excerpt-inner\">\r\n\t\t\t\t\t\t\t\tDans le cadre de la cr\u00e9ation de l\u2019enseigne nature&amp;, j\u2019ai travaill\u00e9 sur la d\u00e9finition et la mise en...\t\t\t\t\t\t\t<\/div>\r\n\t\t\t\t\t\t\t\t\t\t\t\t\t\t\t\t\t<\/div>\r\n\t\t\t\t\r\n\t\t\t\t        <div class=\"post-footer\">\r\n            <div class=\"post-footer\">\r\n                <div class=\"read-more\">\r\n\t\t\t\t\t<a data-id=\"866\" href=\"https:\/\/www.celinerifflart.com\/index.php\/2026\/04\/09\/definition-et-mise-en-oeuvre-de-la-strategie-digitale-pour-nature\/\" class=\"tpg-post-link\" target=\"_self\">En savoir +<\/a>                <\/div>\r\n            <\/div>\r\n        <\/div>\r\n\t\t\t\t\t<\/div>\r\n\t\t<\/div>\r\n\t<\/div>\r\n<\/div>\r\n\r\n<div class=\"rt-col-md-4 rt-col-sm-6 rt-col-xs-12 default rt-grid-hover-item rt-grid-item\" data-id=\"1062\">\r\n\t<div class=\"rt-holder tpg-post-holder\">\r\n\t\t<div class=\"rt-detail rt-el-content-wrapper\">\r\n\t\t\t\t\t\t\t<div class=\"rt-img-holder tpg-el-image-wrap has-thumbnail\">\r\n\t\t\t\t\t<a data-id=\"1062\" href=\"https:\/\/www.celinerifflart.com\/index.php\/2026\/03\/28\/deploiement-subway-appel-doffres-aeroport-valora-ag\/\" class=\"tpg-post-link\" target=\"_self\">                        <img decoding=\"async\" src=\"https:\/\/www.celinerifflart.com\/wp-content\/uploads\/2023\/12\/000022030_600x400_c-1-oh04sonhv02cudatzt1sdevfdfnzjdk2d0t1rs3wn4.png\"\r\n                             class=\"rt-img-responsive\"\r\n                             width=\"225\"\r\n                             height=\"150\"\r\n                             alt=\"D\u00e9ploiement Subway &#038; appel d\u2019offres a\u00e9roport | Valora AG\">\r\n\t\t\t\t\t\t\r\n\t\t\t\t\t\t\t\r\n\t\t<\/a>\r\n\t\t        <div class=\"overlay grid-hover-content\"><\/div>\r\n\t\t\t\t\t\t<\/div>\r\n\t\t\t\r\n\t\t\t<div class=\"grid-hover-content\">\r\n\r\n\t\t\t\t<div class=\"entry-title-wrapper\"><h4 class=\"entry-title\"><a data-id=\"1062\" href=\"https:\/\/www.celinerifflart.com\/index.php\/2026\/03\/28\/deploiement-subway-appel-doffres-aeroport-valora-ag\/\" class=\"tpg-post-link\" target=\"_self\">D\u00e9ploiement Subway &#038; appel d\u2019offres a\u00e9roport | Valora AG<\/a><\/h4><\/div>\r\n\r\n\t\t\t\t\t\t\t\t\t<div class=\"post-meta-tags rt-el-post-meta\">\r\n\t\t\t\t\t\t            <span class=\"date\">\r\n\t\t\t\t<i class=\"flaticon-calendar \"><\/i>\t\t\t\t<a href=\"https:\/\/www.celinerifflart.com\/index.php\/2026\/03\/28\/\">\r\n\t\t\t\t\t28 mars 2026\t\t\t\t<\/a>\r\n\t\t\t<\/span>\r\n\t\t\t\t\t\t\t\t<\/div>\r\n\t\t\t\t\r\n\t\t\t\t\t\t\t\t\t<div class=\"tpg-excerpt tpg-el-excerpt\">\r\n\t\t\t\t\t\t\t\t\t\t\t\t\t<div class=\"tpg-excerpt-inner\">\r\n\t\t\t\t\t\t\t\tValora, acteur majeur du Travel Retail en Suisse, cherchait \u00e0 d\u00e9velopper ses concepts de...\t\t\t\t\t\t\t<\/div>\r\n\t\t\t\t\t\t\t\t\t\t\t\t\t\t\t\t\t<\/div>\r\n\t\t\t\t\r\n\t\t\t\t        <div class=\"post-footer\">\r\n            <div class=\"post-footer\">\r\n                <div class=\"read-more\">\r\n\t\t\t\t\t<a data-id=\"1062\" href=\"https:\/\/www.celinerifflart.com\/index.php\/2026\/03\/28\/deploiement-subway-appel-doffres-aeroport-valora-ag\/\" class=\"tpg-post-link\" target=\"_self\">En savoir +<\/a>                <\/div>\r\n            <\/div>\r\n        <\/div>\r\n\t\t\t\t\t<\/div>\r\n\t\t<\/div>\r\n\t<\/div>\r\n<\/div>\r\n\r\n<div class=\"rt-col-md-4 rt-col-sm-6 rt-col-xs-12 default rt-grid-hover-item rt-grid-item\" data-id=\"114\">\r\n\t<div class=\"rt-holder tpg-post-holder\">\r\n\t\t<div class=\"rt-detail rt-el-content-wrapper\">\r\n\t\t\t\t\t\t\t<div class=\"rt-img-holder tpg-el-image-wrap has-thumbnail\">\r\n\t\t\t\t\t<a data-id=\"114\" href=\"https:\/\/www.celinerifflart.com\/index.php\/2023\/10\/06\/elementor-114\/\" class=\"tpg-post-link\" target=\"_self\">                        <img decoding=\"async\" src=\"https:\/\/www.celinerifflart.com\/wp-content\/uploads\/2023\/12\/team-for-planet.jpeg\"\r\n                             class=\"rt-img-responsive\"\r\n                             width=\"300\"\r\n                             height=\"168\"\r\n                             alt=\"J\u2019ai rejoint le mouvement\u00a0Team for the Planet\u00a0en tant qu\u2019investisseur\">\r\n\t\t\t\t\t\t\r\n\t\t\t\t\t\t\t\r\n\t\t<\/a>\r\n\t\t        <div class=\"overlay grid-hover-content\"><\/div>\r\n\t\t\t\t\t\t<\/div>\r\n\t\t\t\r\n\t\t\t<div class=\"grid-hover-content\">\r\n\r\n\t\t\t\t<div class=\"entry-title-wrapper\"><h4 class=\"entry-title\"><a data-id=\"114\" href=\"https:\/\/www.celinerifflart.com\/index.php\/2023\/10\/06\/elementor-114\/\" class=\"tpg-post-link\" target=\"_self\">J\u2019ai rejoint le mouvement\u00a0Team for the Planet\u00a0en tant qu\u2019investisseur<\/a><\/h4><\/div>\r\n\r\n\t\t\t\t\t\t\t\t\t<div class=\"post-meta-tags rt-el-post-meta\">\r\n\t\t\t\t\t\t            <span class=\"date\">\r\n\t\t\t\t<i class=\"flaticon-calendar \"><\/i>\t\t\t\t<a href=\"https:\/\/www.celinerifflart.com\/index.php\/2023\/10\/06\/\">\r\n\t\t\t\t\t6 octobre 2023\t\t\t\t<\/a>\r\n\t\t\t<\/span>\r\n\t\t\t\t\t\t\t\t<\/div>\r\n\t\t\t\t\r\n\t\t\t\t\t\t\t\t\t<div class=\"tpg-excerpt tpg-el-excerpt\">\r\n\t\t\t\t\t\t\t\t\t\t\t\t\t<div class=\"tpg-excerpt-inner\">\r\n\t\t\t\t\t\t\t\tPourquoi ?\u2028\u2028\n\nPour d\u00e9fendre cette vision : cr\u00e9er des entreprises \u00e9conomiquement viables qui...\t\t\t\t\t\t\t<\/div>\r\n\t\t\t\t\t\t\t\t\t\t\t\t\t\t\t\t\t<\/div>\r\n\t\t\t\t\r\n\t\t\t\t        <div class=\"post-footer\">\r\n            <div class=\"post-footer\">\r\n                <div class=\"read-more\">\r\n\t\t\t\t\t<a data-id=\"114\" href=\"https:\/\/www.celinerifflart.com\/index.php\/2023\/10\/06\/elementor-114\/\" class=\"tpg-post-link\" target=\"_self\">En savoir +<\/a>                <\/div>\r\n            <\/div>\r\n        <\/div>\r\n\t\t\t\t\t<\/div>\r\n\t\t<\/div>\r\n\t<\/div>\r\n<\/div>\r\n\r\n<div class=\"rt-col-md-4 rt-col-sm-6 rt-col-xs-12 default rt-grid-hover-item rt-grid-item\" data-id=\"280\">\r\n\t<div class=\"rt-holder tpg-post-holder\">\r\n\t\t<div class=\"rt-detail rt-el-content-wrapper\">\r\n\t\t\t\t\t\t\t<div class=\"rt-img-holder tpg-el-image-wrap has-thumbnail\">\r\n\t\t\t\t\t<a data-id=\"280\" href=\"https:\/\/www.celinerifflart.com\/index.php\/2021\/11\/15\/elementor-114-2-2-2-2-2-3-3-3-2-2\/\" class=\"tpg-post-link\" target=\"_self\">                        <img loading=\"lazy\" decoding=\"async\" src=\"https:\/\/www.celinerifflart.com\/wp-content\/uploads\/2023\/12\/CSS-768x475.jpg\"\r\n                             class=\"rt-img-responsive\"\r\n                             width=\"640\"\r\n                             height=\"396\"\r\n                             alt=\"Lancement de l&rsquo;enseigne nature&amp; au sein de Migros :\u2028la 1\u00e8re surface sp\u00e9cialis\u00e9e BIO &amp; RESPONSABLE sur Gen\u00e8ve\">\r\n\t\t\t\t\t\t\r\n\t\t\t\t\t\t\t\r\n\t\t<\/a>\r\n\t\t        <div class=\"overlay grid-hover-content\"><\/div>\r\n\t\t\t\t\t\t<\/div>\r\n\t\t\t\r\n\t\t\t<div class=\"grid-hover-content\">\r\n\r\n\t\t\t\t<div class=\"entry-title-wrapper\"><h4 class=\"entry-title\"><a data-id=\"280\" href=\"https:\/\/www.celinerifflart.com\/index.php\/2021\/11\/15\/elementor-114-2-2-2-2-2-3-3-3-2-2\/\" class=\"tpg-post-link\" target=\"_self\">Lancement de l&rsquo;enseigne nature&amp; au sein de Migros :\u2028la 1\u00e8re surface sp\u00e9cialis\u00e9e BIO &amp; RESPONSABLE sur Gen\u00e8ve<\/a><\/h4><\/div>\r\n\r\n\t\t\t\t\t\t\t\t\t<div class=\"post-meta-tags rt-el-post-meta\">\r\n\t\t\t\t\t\t            <span class=\"date\">\r\n\t\t\t\t<i class=\"flaticon-calendar \"><\/i>\t\t\t\t<a href=\"https:\/\/www.celinerifflart.com\/index.php\/2021\/11\/15\/\">\r\n\t\t\t\t\t15 novembre 2021\t\t\t\t<\/a>\r\n\t\t\t<\/span>\r\n\t\t\t\t\t\t\t\t<\/div>\r\n\t\t\t\t\r\n\t\t\t\t\t\t\t\t\t<div class=\"tpg-excerpt tpg-el-excerpt\">\r\n\t\t\t\t\t\t\t\t\t\t\t\t\t<div class=\"tpg-excerpt-inner\">\r\n\t\t\t\t\t\t\t\tMigros est un challenger sur le march\u00e9 de la BIO et capte 33% du march\u00e9 alors que son principal...\t\t\t\t\t\t\t<\/div>\r\n\t\t\t\t\t\t\t\t\t\t\t\t\t\t\t\t\t<\/div>\r\n\t\t\t\t\r\n\t\t\t\t        <div class=\"post-footer\">\r\n            <div class=\"post-footer\">\r\n                <div class=\"read-more\">\r\n\t\t\t\t\t<a data-id=\"280\" href=\"https:\/\/www.celinerifflart.com\/index.php\/2021\/11\/15\/elementor-114-2-2-2-2-2-3-3-3-2-2\/\" class=\"tpg-post-link\" target=\"_self\">En savoir +<\/a>                <\/div>\r\n            <\/div>\r\n        <\/div>\r\n\t\t\t\t\t<\/div>\r\n\t\t<\/div>\r\n\t<\/div>\r\n<\/div>\r\n\r\n<div class=\"rt-col-md-4 rt-col-sm-6 rt-col-xs-12 default rt-grid-hover-item rt-grid-item\" data-id=\"273\">\r\n\t<div class=\"rt-holder tpg-post-holder\">\r\n\t\t<div class=\"rt-detail rt-el-content-wrapper\">\r\n\t\t\t\t\t\t\t<div class=\"rt-img-holder tpg-el-image-wrap has-thumbnail\">\r\n\t\t\t\t\t<a data-id=\"273\" href=\"https:\/\/www.celinerifflart.com\/index.php\/2021\/05\/12\/elementor-114-2-2-2-2-2-3-3-3-2\/\" class=\"tpg-post-link\" target=\"_self\">                        <img loading=\"lazy\" decoding=\"async\" src=\"https:\/\/www.celinerifflart.com\/wp-content\/uploads\/2023\/12\/CCS.jpg\"\r\n                             class=\"rt-img-responsive\"\r\n                             width=\"640\"\r\n                             height=\"452\"\r\n                             alt=\"Cr\u00e9ation et lancement de la marque \u2028nature&amp;\">\r\n\t\t\t\t\t\t\r\n\t\t\t\t\t\t\t\r\n\t\t<\/a>\r\n\t\t        <div class=\"overlay grid-hover-content\"><\/div>\r\n\t\t\t\t\t\t<\/div>\r\n\t\t\t\r\n\t\t\t<div class=\"grid-hover-content\">\r\n\r\n\t\t\t\t<div class=\"entry-title-wrapper\"><h4 class=\"entry-title\"><a data-id=\"273\" href=\"https:\/\/www.celinerifflart.com\/index.php\/2021\/05\/12\/elementor-114-2-2-2-2-2-3-3-3-2\/\" class=\"tpg-post-link\" target=\"_self\">Cr\u00e9ation et lancement de la marque \u2028nature&amp;<\/a><\/h4><\/div>\r\n\r\n\t\t\t\t\t\t\t\t\t<div class=\"post-meta-tags rt-el-post-meta\">\r\n\t\t\t\t\t\t            <span class=\"date\">\r\n\t\t\t\t<i class=\"flaticon-calendar \"><\/i>\t\t\t\t<a href=\"https:\/\/www.celinerifflart.com\/index.php\/2021\/05\/12\/\">\r\n\t\t\t\t\t12 mai 2021\t\t\t\t<\/a>\r\n\t\t\t<\/span>\r\n\t\t\t\t\t\t\t\t<\/div>\r\n\t\t\t\t\r\n\t\t\t\t\t\t\t\t\t<div class=\"tpg-excerpt tpg-el-excerpt\">\r\n\t\t\t\t\t\t\t\t\t\t\t\t\t<div class=\"tpg-excerpt-inner\">\r\n\t\t\t\t\t\t\t\tDans le cadre de la cr\u00e9ation de l\u2019enseigne nature&amp;, j\u2019ai travaill\u00e9 sur la cr\u00e9ation de la marque...\t\t\t\t\t\t\t<\/div>\r\n\t\t\t\t\t\t\t\t\t\t\t\t\t\t\t\t\t<\/div>\r\n\t\t\t\t\r\n\t\t\t\t        <div class=\"post-footer\">\r\n            <div class=\"post-footer\">\r\n                <div class=\"read-more\">\r\n\t\t\t\t\t<a data-id=\"273\" href=\"https:\/\/www.celinerifflart.com\/index.php\/2021\/05\/12\/elementor-114-2-2-2-2-2-3-3-3-2\/\" class=\"tpg-post-link\" target=\"_self\">En savoir +<\/a>                <\/div>\r\n            <\/div>\r\n        <\/div>\r\n\t\t\t\t\t<\/div>\r\n\t\t<\/div>\r\n\t<\/div>\r\n<\/div>\r\n\r\n<div class=\"rt-col-md-4 rt-col-sm-6 rt-col-xs-12 default rt-grid-hover-item rt-grid-item\" data-id=\"292\">\r\n\t<div class=\"rt-holder tpg-post-holder\">\r\n\t\t<div class=\"rt-detail rt-el-content-wrapper\">\r\n\t\t\t\t\t\t\t<div class=\"rt-img-holder tpg-el-image-wrap has-thumbnail\">\r\n\t\t\t\t\t<a data-id=\"292\" href=\"https:\/\/www.celinerifflart.com\/index.php\/2018\/12\/12\/elementor-114-2-2-2-2-2-3-3-3-2-2-2-2\/\" class=\"tpg-post-link\" target=\"_self\">                        <img loading=\"lazy\" decoding=\"async\" src=\"https:\/\/www.celinerifflart.com\/wp-content\/uploads\/2023\/12\/1579596051949-768x469.jpeg\"\r\n                             class=\"rt-img-responsive\"\r\n                             width=\"640\"\r\n                             height=\"391\"\r\n                             alt=\"Ouverture du magasin Le Grand Panier Bio \u00e0 Anthy (74)\">\r\n\t\t\t\t\t\t\r\n\t\t\t\t\t\t\t\r\n\t\t<\/a>\r\n\t\t        <div class=\"overlay grid-hover-content\"><\/div>\r\n\t\t\t\t\t\t<\/div>\r\n\t\t\t\r\n\t\t\t<div class=\"grid-hover-content\">\r\n\r\n\t\t\t\t<div class=\"entry-title-wrapper\"><h4 class=\"entry-title\"><a data-id=\"292\" href=\"https:\/\/www.celinerifflart.com\/index.php\/2018\/12\/12\/elementor-114-2-2-2-2-2-3-3-3-2-2-2-2\/\" class=\"tpg-post-link\" target=\"_self\">Ouverture du magasin Le Grand Panier Bio \u00e0 Anthy (74)<\/a><\/h4><\/div>\r\n\r\n\t\t\t\t\t\t\t\t\t<div class=\"post-meta-tags rt-el-post-meta\">\r\n\t\t\t\t\t\t            <span class=\"date\">\r\n\t\t\t\t<i class=\"flaticon-calendar \"><\/i>\t\t\t\t<a href=\"https:\/\/www.celinerifflart.com\/index.php\/2018\/12\/12\/\">\r\n\t\t\t\t\t12 d\u00e9cembre 2018\t\t\t\t<\/a>\r\n\t\t\t<\/span>\r\n\t\t\t\t\t\t\t\t<\/div>\r\n\t\t\t\t\r\n\t\t\t\t\t\t\t\t\t<div class=\"tpg-excerpt tpg-el-excerpt\">\r\n\t\t\t\t\t\t\t\t\t\t\t\t\t<div class=\"tpg-excerpt-inner\">\r\n\t\t\t\t\t\t\t\tPilotage de l\u2019ouverture du magasin d\u2019Anthy-sur-L\u00e9man : d\u00e9finition de l\u2019assortiment, du...\t\t\t\t\t\t\t<\/div>\r\n\t\t\t\t\t\t\t\t\t\t\t\t\t\t\t\t\t<\/div>\r\n\t\t\t\t\r\n\t\t\t\t        <div class=\"post-footer\">\r\n            <div class=\"post-footer\">\r\n                <div class=\"read-more\">\r\n\t\t\t\t\t<a data-id=\"292\" href=\"https:\/\/www.celinerifflart.com\/index.php\/2018\/12\/12\/elementor-114-2-2-2-2-2-3-3-3-2-2-2-2\/\" class=\"tpg-post-link\" target=\"_self\">En savoir +<\/a>                <\/div>\r\n            <\/div>\r\n        <\/div>\r\n\t\t\t\t\t<\/div>\r\n\t\t<\/div>\r\n\t<\/div>\r\n<\/div>\r\n\r\n<div class=\"rt-col-md-4 rt-col-sm-6 rt-col-xs-12 default rt-grid-hover-item rt-grid-item\" data-id=\"232\">\r\n\t<div class=\"rt-holder tpg-post-holder\">\r\n\t\t<div class=\"rt-detail rt-el-content-wrapper\">\r\n\t\t\t\t\t\t\t<div class=\"rt-img-holder tpg-el-image-wrap has-thumbnail\">\r\n\t\t\t\t\t<a data-id=\"232\" href=\"https:\/\/www.celinerifflart.com\/index.php\/2017\/11\/02\/elementor-114-2-2-2-2-2-3-2\/\" class=\"tpg-post-link\" target=\"_self\">                        <img loading=\"lazy\" decoding=\"async\" src=\"https:\/\/www.celinerifflart.com\/wp-content\/uploads\/2023\/12\/logo_final_bbn-300x300-1.jpeg\"\r\n                             class=\"rt-img-responsive\"\r\n                             width=\"300\"\r\n                             height=\"300\"\r\n                             alt=\"Retour sur la cr\u00e9ation de BBN Alpes\">\r\n\t\t\t\t\t\t\r\n\t\t\t\t\t\t\t\r\n\t\t<\/a>\r\n\t\t        <div class=\"overlay grid-hover-content\"><\/div>\r\n\t\t\t\t\t\t<\/div>\r\n\t\t\t\r\n\t\t\t<div class=\"grid-hover-content\">\r\n\r\n\t\t\t\t<div class=\"entry-title-wrapper\"><h4 class=\"entry-title\"><a data-id=\"232\" href=\"https:\/\/www.celinerifflart.com\/index.php\/2017\/11\/02\/elementor-114-2-2-2-2-2-3-2\/\" class=\"tpg-post-link\" target=\"_self\">Retour sur la cr\u00e9ation de BBN Alpes<\/a><\/h4><\/div>\r\n\r\n\t\t\t\t\t\t\t\t\t<div class=\"post-meta-tags rt-el-post-meta\">\r\n\t\t\t\t\t\t            <span class=\"date\">\r\n\t\t\t\t<i class=\"flaticon-calendar \"><\/i>\t\t\t\t<a href=\"https:\/\/www.celinerifflart.com\/index.php\/2017\/11\/02\/\">\r\n\t\t\t\t\t2 novembre 2017\t\t\t\t<\/a>\r\n\t\t\t<\/span>\r\n\t\t\t\t\t\t\t\t<\/div>\r\n\t\t\t\t\r\n\t\t\t\t\t\t\t\t\t<div class=\"tpg-excerpt tpg-el-excerpt\">\r\n\t\t\t\t\t\t\t\t\t\t\t\t\t<div class=\"tpg-excerpt-inner\">\r\n\t\t\t\t\t\t\t\tPr\u00e9sentation de l'\u00e9tude de march\u00e9, du business mod\u00e8le et du business plan de BBN Alpes, le 1er...\t\t\t\t\t\t\t<\/div>\r\n\t\t\t\t\t\t\t\t\t\t\t\t\t\t\t\t\t<\/div>\r\n\t\t\t\t\r\n\t\t\t\t        <div class=\"post-footer\">\r\n            <div class=\"post-footer\">\r\n                <div class=\"read-more\">\r\n\t\t\t\t\t<a data-id=\"232\" href=\"https:\/\/www.celinerifflart.com\/index.php\/2017\/11\/02\/elementor-114-2-2-2-2-2-3-2\/\" class=\"tpg-post-link\" target=\"_self\">En savoir +<\/a>                <\/div>\r\n            <\/div>\r\n        <\/div>\r\n\t\t\t\t\t<\/div>\r\n\t\t<\/div>\r\n\t<\/div>\r\n<\/div>\r\n\r\n<div class=\"rt-col-md-4 rt-col-sm-6 rt-col-xs-12 default rt-grid-hover-item rt-grid-item\" data-id=\"246\">\r\n\t<div class=\"rt-holder tpg-post-holder\">\r\n\t\t<div class=\"rt-detail rt-el-content-wrapper\">\r\n\t\t\t\t\t\t\t<div class=\"rt-img-holder tpg-el-image-wrap has-thumbnail\">\r\n\t\t\t\t\t<a data-id=\"246\" href=\"https:\/\/www.celinerifflart.com\/index.php\/2017\/09\/05\/elementor-114-2-2-2-2-2-3-3\/\" class=\"tpg-post-link\" target=\"_self\">                        <img loading=\"lazy\" decoding=\"async\" src=\"https:\/\/www.celinerifflart.com\/wp-content\/uploads\/2023\/12\/la_celine.jpeg\"\r\n                             class=\"rt-img-responsive\"\r\n                             width=\"600\"\r\n                             height=\"400\"\r\n                             alt=\"Laur\u00e9ate r\u00e9seau entreprendre Haute-Savoie (2017)\">\r\n\t\t\t\t\t\t\r\n\t\t\t\t\t\t\t\r\n\t\t<\/a>\r\n\t\t        <div class=\"overlay grid-hover-content\"><\/div>\r\n\t\t\t\t\t\t<\/div>\r\n\t\t\t\r\n\t\t\t<div class=\"grid-hover-content\">\r\n\r\n\t\t\t\t<div class=\"entry-title-wrapper\"><h4 class=\"entry-title\"><a data-id=\"246\" href=\"https:\/\/www.celinerifflart.com\/index.php\/2017\/09\/05\/elementor-114-2-2-2-2-2-3-3\/\" class=\"tpg-post-link\" target=\"_self\">Laur\u00e9ate r\u00e9seau entreprendre Haute-Savoie (2017)<\/a><\/h4><\/div>\r\n\r\n\t\t\t\t\t\t\t\t\t<div class=\"post-meta-tags rt-el-post-meta\">\r\n\t\t\t\t\t\t            <span class=\"date\">\r\n\t\t\t\t<i class=\"flaticon-calendar \"><\/i>\t\t\t\t<a href=\"https:\/\/www.celinerifflart.com\/index.php\/2017\/09\/05\/\">\r\n\t\t\t\t\t5 septembre 2017\t\t\t\t<\/a>\r\n\t\t\t<\/span>\r\n\t\t\t\t\t\t\t\t<\/div>\r\n\t\t\t\t\r\n\t\t\t\t\t\t\t\t\t<div class=\"tpg-excerpt tpg-el-excerpt\">\r\n\t\t\t\t\t\t\t\t\t\t\t\t\t<div class=\"tpg-excerpt-inner\">\r\n\t\t\t\t\t\t\t\tC\u00e9line Rifflart de ByeByeNits : Laur\u00e9ate de R\u00e9seau Entreprendre\u00ae Haute-Savoie Apr\u00e8s 10 ans pass\u00e9s en...\t\t\t\t\t\t\t<\/div>\r\n\t\t\t\t\t\t\t\t\t\t\t\t\t\t\t\t\t<\/div>\r\n\t\t\t\t\r\n\t\t\t\t        <div class=\"post-footer\">\r\n            <div class=\"post-footer\">\r\n                <div class=\"read-more\">\r\n\t\t\t\t\t<a data-id=\"246\" href=\"https:\/\/www.celinerifflart.com\/index.php\/2017\/09\/05\/elementor-114-2-2-2-2-2-3-3\/\" class=\"tpg-post-link\" target=\"_self\">En savoir +<\/a>                <\/div>\r\n            <\/div>\r\n        <\/div>\r\n\t\t\t\t\t<\/div>\r\n\t\t<\/div>\r\n\t<\/div>\r\n<\/div>\r\n\r\n<div class=\"rt-col-md-4 rt-col-sm-6 rt-col-xs-12 default rt-grid-hover-item rt-grid-item\" data-id=\"253\">\r\n\t<div class=\"rt-holder tpg-post-holder\">\r\n\t\t<div class=\"rt-detail rt-el-content-wrapper\">\r\n\t\t\t\t\t\t\t<div class=\"rt-img-holder tpg-el-image-wrap has-thumbnail\">\r\n\t\t\t\t\t<a data-id=\"253\" href=\"https:\/\/www.celinerifflart.com\/index.php\/2017\/06\/09\/elementor-114-2-2-2-2-2-3-3-2\/\" class=\"tpg-post-link\" target=\"_self\">                        <img loading=\"lazy\" decoding=\"async\" src=\"https:\/\/www.celinerifflart.com\/wp-content\/uploads\/2023\/12\/5-jours-pour-entreprendre.png\"\r\n                             class=\"rt-img-responsive\"\r\n                             width=\"640\"\r\n                             height=\"316\"\r\n                             alt=\"Certification 5 jours pour entreprendre\">\r\n\t\t\t\t\t\t\r\n\t\t\t\t\t\t\t\r\n\t\t<\/a>\r\n\t\t        <div class=\"overlay grid-hover-content\"><\/div>\r\n\t\t\t\t\t\t<\/div>\r\n\t\t\t\r\n\t\t\t<div class=\"grid-hover-content\">\r\n\r\n\t\t\t\t<div class=\"entry-title-wrapper\"><h4 class=\"entry-title\"><a data-id=\"253\" href=\"https:\/\/www.celinerifflart.com\/index.php\/2017\/06\/09\/elementor-114-2-2-2-2-2-3-3-2\/\" class=\"tpg-post-link\" target=\"_self\">Certification 5 jours pour entreprendre<\/a><\/h4><\/div>\r\n\r\n\t\t\t\t\t\t\t\t\t<div class=\"post-meta-tags rt-el-post-meta\">\r\n\t\t\t\t\t\t            <span class=\"date\">\r\n\t\t\t\t<i class=\"flaticon-calendar \"><\/i>\t\t\t\t<a href=\"https:\/\/www.celinerifflart.com\/index.php\/2017\/06\/09\/\">\r\n\t\t\t\t\t9 juin 2017\t\t\t\t<\/a>\r\n\t\t\t<\/span>\r\n\t\t\t\t\t\t\t\t<\/div>\r\n\t\t\t\t\r\n\t\t\t\t\t\t\t\t\t<div class=\"tpg-excerpt tpg-el-excerpt\">\r\n\t\t\t\t\t\t\t\t\t\t\t\t\t<div class=\"tpg-excerpt-inner\">\r\n\t\t\t\t\t\t\t\tPr\u00e9sentation du module \"5 jours pour Entreprendre\" de la CCI que j'ai eu l'occasion de suivre dans...\t\t\t\t\t\t\t<\/div>\r\n\t\t\t\t\t\t\t\t\t\t\t\t\t\t\t\t\t<\/div>\r\n\t\t\t\t\r\n\t\t\t\t        <div class=\"post-footer\">\r\n            <div class=\"post-footer\">\r\n                <div class=\"read-more\">\r\n\t\t\t\t\t<a data-id=\"253\" href=\"https:\/\/www.celinerifflart.com\/index.php\/2017\/06\/09\/elementor-114-2-2-2-2-2-3-3-2\/\" class=\"tpg-post-link\" target=\"_self\">En savoir +<\/a>                <\/div>\r\n            <\/div>\r\n        <\/div>\r\n\t\t\t\t\t<\/div>\r\n\t\t<\/div>\r\n\t<\/div>\r\n<\/div>\r\n            <\/div>\r\n\r\n\t\t\t<div class=\"rt-pagination-wrap\" data-total-pages=\"2\" data-posts-per-page=\"9\" data-type=\"pagination\"><div class=\"rt-pagination\"><ul class=\"pagination-list\"><li class=\"active\"><span>1<\/span><\/li><li><a data-paged=\"2\" href=\"https:\/\/www.celinerifflart.com\/index.php\/wp-json\/wp\/v2\/pages\/41\/page\/2\/\">2<\/a><\/li><\/ul><\/div><\/div>        <\/div>\r\n\t\t\t\t<\/div>\n\t\t\t\t<\/div>\n\t\t\t\t\t<\/div>\n\t\t\t\t<\/div>\n\t\t\t\t\t\t\t<\/div>\n\t\t","protected":false},"excerpt":{"rendered":"<p>J\u2019ai rejoint le mouvement\u00a0Team for the Planet\u00a0en tant qu\u2019investisseur 6 octobre 2023 Pourquoi ?\u2028\u2028 Pour d\u00e9fendre cette vision : cr\u00e9er des entreprises \u00e9conomiquement viables qui&#8230; En savoir + Lancement de l&#8217;enseigne nature&amp; au sein de Migros :\u2028la 1\u00e8re surface sp\u00e9cialis\u00e9e BIO &amp; RESPONSABLE sur Gen\u00e8ve 15 novembre 2021 Migros est un challenger sur le march\u00e9<\/p>\n<div class=\"more-link\">\n             <a href=\"https:\/\/www.celinerifflart.com\/index.php\/2017\/06\/09\/elementor-114-2-2-2-2-2-3-3-2\/\" class=\"read-more\">Read More<i class=\"fa fa-caret-right\"><\/i><\/a>\n        <\/div>\n","protected":false},"author":1,"featured_media":0,"parent":0,"menu_order":0,"comment_status":"closed","ping_status":"closed","template":"","meta":{"footnotes":""},"class_list":["post-41","page","type-page","status-publish","hentry"],"yoast_head":"<!-- This site is optimized with the Yoast SEO plugin v22.8 - https:\/\/yoast.com\/wordpress\/plugins\/seo\/ -->\n<title>R\u00e9alisations -<\/title>\n<meta name=\"robots\" content=\"index, follow, max-snippet:-1, max-image-preview:large, max-video-preview:-1\" \/>\n<link rel=\"canonical\" href=\"https:\/\/www.celinerifflart.com\/index.php\/realisations\/\" \/>\n<meta property=\"og:locale\" content=\"fr_FR\" \/>\n<meta property=\"og:type\" content=\"article\" \/>\n<meta property=\"og:title\" content=\"R\u00e9alisations -\" \/>\n<meta property=\"og:description\" content=\"J\u2019ai rejoint le mouvement\u00a0Team for the Planet\u00a0en tant qu\u2019investisseur 6 octobre 2023 Pourquoi ?\u2028\u2028 Pour d\u00e9fendre cette vision : cr\u00e9er des entreprises \u00e9conomiquement viables qui&#8230; En savoir + Lancement de l&#8217;enseigne nature&amp; au sein de Migros :\u2028la 1\u00e8re surface sp\u00e9cialis\u00e9e BIO &amp; RESPONSABLE sur Gen\u00e8ve 15 novembre 2021 Migros est un challenger sur le march\u00e9        Read More\" \/>\n<meta property=\"og:url\" content=\"https:\/\/www.celinerifflart.com\/index.php\/realisations\/\" \/>\n<meta property=\"article:modified_time\" content=\"2024-03-30T13:33:36+00:00\" \/>\n<meta property=\"og:image\" content=\"http:\/\/www.celinerifflart.com\/wp-content\/uploads\/2023\/12\/team-for-planet.jpeg\" \/>\n<meta name=\"twitter:card\" content=\"summary_large_image\" \/>\n<meta name=\"twitter:label1\" content=\"Dur\u00e9e de lecture estim\u00e9e\" \/>\n\t<meta name=\"twitter:data1\" content=\"1 minute\" \/>\n<script type=\"application\/ld+json\" class=\"yoast-schema-graph\">{\"@context\":\"https:\/\/schema.org\",\"@graph\":[{\"@type\":\"WebPage\",\"@id\":\"https:\/\/www.celinerifflart.com\/index.php\/realisations\/\",\"url\":\"https:\/\/www.celinerifflart.com\/index.php\/realisations\/\",\"name\":\"R\u00e9alisations -\",\"isPartOf\":{\"@id\":\"https:\/\/www.celinerifflart.com\/#website\"},\"primaryImageOfPage\":{\"@id\":\"https:\/\/www.celinerifflart.com\/index.php\/realisations\/#primaryimage\"},\"image\":{\"@id\":\"https:\/\/www.celinerifflart.com\/index.php\/realisations\/#primaryimage\"},\"thumbnailUrl\":\"http:\/\/www.celinerifflart.com\/wp-content\/uploads\/2023\/12\/team-for-planet.jpeg\",\"datePublished\":\"2023-12-11T20:28:14+00:00\",\"dateModified\":\"2024-03-30T13:33:36+00:00\",\"breadcrumb\":{\"@id\":\"https:\/\/www.celinerifflart.com\/index.php\/realisations\/#breadcrumb\"},\"inLanguage\":\"fr-FR\",\"potentialAction\":[{\"@type\":\"ReadAction\",\"target\":[\"https:\/\/www.celinerifflart.com\/index.php\/realisations\/\"]}]},{\"@type\":\"ImageObject\",\"inLanguage\":\"fr-FR\",\"@id\":\"https:\/\/www.celinerifflart.com\/index.php\/realisations\/#primaryimage\",\"url\":\"https:\/\/www.celinerifflart.com\/wp-content\/uploads\/2023\/12\/team-for-planet.jpeg\",\"contentUrl\":\"https:\/\/www.celinerifflart.com\/wp-content\/uploads\/2023\/12\/team-for-planet.jpeg\",\"width\":300,\"height\":168},{\"@type\":\"BreadcrumbList\",\"@id\":\"https:\/\/www.celinerifflart.com\/index.php\/realisations\/#breadcrumb\",\"itemListElement\":[{\"@type\":\"ListItem\",\"position\":1,\"name\":\"Home\",\"item\":\"https:\/\/www.celinerifflart.com\/\"},{\"@type\":\"ListItem\",\"position\":2,\"name\":\"R\u00e9alisations\"}]},{\"@type\":\"WebSite\",\"@id\":\"https:\/\/www.celinerifflart.com\/#website\",\"url\":\"https:\/\/www.celinerifflart.com\/\",\"name\":\"\",\"description\":\"Strat\u00e9gie Business &amp; D\u00e9veloppement - Food &amp; Retail |\",\"potentialAction\":[{\"@type\":\"SearchAction\",\"target\":{\"@type\":\"EntryPoint\",\"urlTemplate\":\"https:\/\/www.celinerifflart.com\/?s={search_term_string}\"},\"query-input\":\"required name=search_term_string\"}],\"inLanguage\":\"fr-FR\"}]}<\/script>\n<!-- \/ Yoast SEO plugin. -->","yoast_head_json":{"title":"R\u00e9alisations -","robots":{"index":"index","follow":"follow","max-snippet":"max-snippet:-1","max-image-preview":"max-image-preview:large","max-video-preview":"max-video-preview:-1"},"canonical":"https:\/\/www.celinerifflart.com\/index.php\/realisations\/","og_locale":"fr_FR","og_type":"article","og_title":"R\u00e9alisations -","og_description":"J\u2019ai rejoint le mouvement\u00a0Team for the Planet\u00a0en tant qu\u2019investisseur 6 octobre 2023 Pourquoi ?\u2028\u2028 Pour d\u00e9fendre cette vision : cr\u00e9er des entreprises \u00e9conomiquement viables qui&#8230; En savoir + Lancement de l&#8217;enseigne nature&amp; au sein de Migros :\u2028la 1\u00e8re surface sp\u00e9cialis\u00e9e BIO &amp; RESPONSABLE sur Gen\u00e8ve 15 novembre 2021 Migros est un challenger sur le march\u00e9        Read More","og_url":"https:\/\/www.celinerifflart.com\/index.php\/realisations\/","article_modified_time":"2024-03-30T13:33:36+00:00","og_image":[{"url":"http:\/\/www.celinerifflart.com\/wp-content\/uploads\/2023\/12\/team-for-planet.jpeg"}],"twitter_card":"summary_large_image","twitter_misc":{"Dur\u00e9e de lecture estim\u00e9e":"1 minute"},"schema":{"@context":"https:\/\/schema.org","@graph":[{"@type":"WebPage","@id":"https:\/\/www.celinerifflart.com\/index.php\/realisations\/","url":"https:\/\/www.celinerifflart.com\/index.php\/realisations\/","name":"R\u00e9alisations -","isPartOf":{"@id":"https:\/\/www.celinerifflart.com\/#website"},"primaryImageOfPage":{"@id":"https:\/\/www.celinerifflart.com\/index.php\/realisations\/#primaryimage"},"image":{"@id":"https:\/\/www.celinerifflart.com\/index.php\/realisations\/#primaryimage"},"thumbnailUrl":"http:\/\/www.celinerifflart.com\/wp-content\/uploads\/2023\/12\/team-for-planet.jpeg","datePublished":"2023-12-11T20:28:14+00:00","dateModified":"2024-03-30T13:33:36+00:00","breadcrumb":{"@id":"https:\/\/www.celinerifflart.com\/index.php\/realisations\/#breadcrumb"},"inLanguage":"fr-FR","potentialAction":[{"@type":"ReadAction","target":["https:\/\/www.celinerifflart.com\/index.php\/realisations\/"]}]},{"@type":"ImageObject","inLanguage":"fr-FR","@id":"https:\/\/www.celinerifflart.com\/index.php\/realisations\/#primaryimage","url":"https:\/\/www.celinerifflart.com\/wp-content\/uploads\/2023\/12\/team-for-planet.jpeg","contentUrl":"https:\/\/www.celinerifflart.com\/wp-content\/uploads\/2023\/12\/team-for-planet.jpeg","width":300,"height":168},{"@type":"BreadcrumbList","@id":"https:\/\/www.celinerifflart.com\/index.php\/realisations\/#breadcrumb","itemListElement":[{"@type":"ListItem","position":1,"name":"Home","item":"https:\/\/www.celinerifflart.com\/"},{"@type":"ListItem","position":2,"name":"R\u00e9alisations"}]},{"@type":"WebSite","@id":"https:\/\/www.celinerifflart.com\/#website","url":"https:\/\/www.celinerifflart.com\/","name":"","description":"Strat\u00e9gie Business &amp; D\u00e9veloppement - Food &amp; Retail |","potentialAction":[{"@type":"SearchAction","target":{"@type":"EntryPoint","urlTemplate":"https:\/\/www.celinerifflart.com\/?s={search_term_string}"},"query-input":"required name=search_term_string"}],"inLanguage":"fr-FR"}]}},"rttpg_featured_image_url":null,"rttpg_author":{"display_name":"celinerifflart","author_link":"https:\/\/www.celinerifflart.com\/index.php\/author\/celinerifflart\/"},"rttpg_comment":0,"rttpg_category":"","rttpg_excerpt":"J\u2019ai rejoint le mouvement\u00a0Team for the Planet\u00a0en tant qu\u2019investisseur 6 octobre 2023 Pourquoi ?\u2028\u2028 Pour d\u00e9fendre cette vision : cr\u00e9er des entreprises \u00e9conomiquement viables qui&#8230; En savoir + Lancement de l&#8217;enseigne nature&amp; au sein de Migros :\u2028la 1\u00e8re surface sp\u00e9cialis\u00e9e BIO &amp; RESPONSABLE sur Gen\u00e8ve 15 novembre 2021 Migros est un challenger sur le march\u00e9\u2026","_links":{"self":[{"href":"https:\/\/www.celinerifflart.com\/index.php\/wp-json\/wp\/v2\/pages\/41","targetHints":{"allow":["GET"]}}],"collection":[{"href":"https:\/\/www.celinerifflart.com\/index.php\/wp-json\/wp\/v2\/pages"}],"about":[{"href":"https:\/\/www.celinerifflart.com\/index.php\/wp-json\/wp\/v2\/types\/page"}],"author":[{"embeddable":true,"href":"https:\/\/www.celinerifflart.com\/index.php\/wp-json\/wp\/v2\/users\/1"}],"replies":[{"embeddable":true,"href":"https:\/\/www.celinerifflart.com\/index.php\/wp-json\/wp\/v2\/comments?post=41"}],"version-history":[{"count":25,"href":"https:\/\/www.celinerifflart.com\/index.php\/wp-json\/wp\/v2\/pages\/41\/revisions"}],"predecessor-version":[{"id":756,"href":"https:\/\/www.celinerifflart.com\/index.php\/wp-json\/wp\/v2\/pages\/41\/revisions\/756"}],"wp:attachment":[{"href":"https:\/\/www.celinerifflart.com\/index.php\/wp-json\/wp\/v2\/media?parent=41"}],"curies":[{"name":"wp","href":"https:\/\/api.w.org\/{rel}","templated":true}]}}