{"id":37,"date":"2023-12-11T21:27:29","date_gmt":"2023-12-11T20:27:29","guid":{"rendered":"http:\/\/www.celinerifflart.com\/?page_id=37"},"modified":"2026-07-25T15:08:09","modified_gmt":"2026-07-25T13:08:09","slug":"experiences","status":"publish","type":"page","link":"https:\/\/www.celinerifflart.com\/index.php\/experiences\/","title":{"rendered":"Exp\u00e9riences"},"content":{"rendered":"\t\t<div data-elementor-type=\"wp-page\" data-elementor-id=\"37\" class=\"elementor elementor-37\">\n\t\t\t\t\t\t\t<div class=\"elementor-element elementor-element-20c3b18 e-flex e-con-boxed wpr-particle-no wpr-jarallax-no wpr-parallax-no wpr-sticky-section-no e-con e-parent\" data-id=\"20c3b18\" data-element_type=\"container\" data-settings=\"{&quot;content_width&quot;:&quot;boxed&quot;}\" data-core-v316-plus=\"true\">\n\t\t\t\t\t<div class=\"e-con-inner\">\n\t\t\t\t\t<\/div>\n\t\t\t\t<\/div>\n\t\t<div class=\"elementor-element elementor-element-06ddb1f e-flex e-con-boxed wpr-particle-no wpr-jarallax-no wpr-parallax-no wpr-sticky-section-no e-con e-parent\" data-id=\"06ddb1f\" data-element_type=\"container\" data-settings=\"{&quot;content_width&quot;:&quot;boxed&quot;}\" data-core-v316-plus=\"true\">\n\t\t\t\t\t<div class=\"e-con-inner\">\n\t\t\t\t<div class=\"elementor-element elementor-element-5a309fb elementor-widget elementor-widget-spacer\" data-id=\"5a309fb\" data-element_type=\"widget\" data-widget_type=\"spacer.default\">\n\t\t\t\t<div class=\"elementor-widget-container\">\n\t\t\t<style>\/*! elementor - v3.18.0 - 08-12-2023 *\/\n.elementor-column .elementor-spacer-inner{height:var(--spacer-size)}.e-con{--container-widget-width:100%}.e-con-inner>.elementor-widget-spacer,.e-con>.elementor-widget-spacer{width:var(--container-widget-width,var(--spacer-size));--align-self:var(--container-widget-align-self,initial);--flex-shrink:0}.e-con-inner>.elementor-widget-spacer>.elementor-widget-container,.e-con>.elementor-widget-spacer>.elementor-widget-container{height:100%;width:100%}.e-con-inner>.elementor-widget-spacer>.elementor-widget-container>.elementor-spacer,.e-con>.elementor-widget-spacer>.elementor-widget-container>.elementor-spacer{height:100%}.e-con-inner>.elementor-widget-spacer>.elementor-widget-container>.elementor-spacer>.elementor-spacer-inner,.e-con>.elementor-widget-spacer>.elementor-widget-container>.elementor-spacer>.elementor-spacer-inner{height:var(--container-widget-height,var(--spacer-size))}.e-con-inner>.elementor-widget-spacer.elementor-widget-empty,.e-con>.elementor-widget-spacer.elementor-widget-empty{position:relative;min-height:22px;min-width:22px}.e-con-inner>.elementor-widget-spacer.elementor-widget-empty .elementor-widget-empty-icon,.e-con>.elementor-widget-spacer.elementor-widget-empty .elementor-widget-empty-icon{position:absolute;top:0;bottom:0;left:0;right:0;margin:auto;padding:0;width:22px;height:22px}<\/style>\t\t<div class=\"elementor-spacer\">\n\t\t\t<div class=\"elementor-spacer-inner\"><\/div>\n\t\t<\/div>\n\t\t\t\t<\/div>\n\t\t\t\t<\/div>\n\t\t\t\t\t<\/div>\n\t\t\t\t<\/div>\n\t\t<div class=\"elementor-element elementor-element-7e8b9d3 e-flex e-con-boxed wpr-particle-no wpr-jarallax-no wpr-parallax-no wpr-sticky-section-no e-con e-parent\" data-id=\"7e8b9d3\" data-element_type=\"container\" data-settings=\"{&quot;content_width&quot;:&quot;boxed&quot;}\" data-core-v316-plus=\"true\">\n\t\t\t\t\t<div class=\"e-con-inner\">\n\t\t\t\t<div class=\"elementor-element elementor-element-01f02b8 elementor-widget elementor-widget-sp_easy_accordion_pro_shortcode\" data-id=\"01f02b8\" data-element_type=\"widget\" data-widget_type=\"sp_easy_accordion_pro_shortcode.default\">\n\t\t\t\t<div class=\"elementor-widget-container\">\n\t\t\t<style>#sp-ea-773 .spcollapsing { height: 0; overflow: hidden; transition-property: height;transition-duration: 300ms;}#sp-ea-773.sp-easy-accordion>.sp-ea-single {margin-bottom: 15px; border: 5px solid #71ad47; }#sp-ea-773.sp-easy-accordion>.sp-ea-single>.ea-header a {color: #ffffff;}#sp-ea-773.sp-easy-accordion>.sp-ea-single>.sp-collapse>.ea-body {background: #fff; color: #444;}#sp-ea-773.sp-easy-accordion>.sp-ea-single {background: #35697f;}#sp-ea-773.sp-easy-accordion>.sp-ea-single>.ea-header a .ea-expand-icon { float: left; color: #71ad47;font-size: 16px;}<\/style><div id=\"sp_easy_accordion-1711808612\"><div id=\"sp-ea-773\" class=\"sp-ea-one sp-easy-accordion\" data-ex-icon=\"minus\" data-col-icon=\"plus\"  data-ea-active=\"ea-click\"  data-ea-mode=\"vertical\" data-preloader=\"\" data-scroll-active-item=\"\" data-offset-to-scroll=\"0\"><div class=\"ea-card ea-expand sp-ea-single\"><h3 class=\"ea-header\"><a class=\"collapsed\" id=\"ea-header-7730\" data-sptoggle=\"spcollapse\" data-sptarget=\"#collapse7730\" aria-controls=\"collapse7730\" href=\"javascript:void(0)\"  aria-expanded=\"true\" tabindex=\"0\"><i class=\"ea-expand-icon ea-icon-expand-minus\"><\/i> Depuis Juillet 2024, Responsable projets Strat\u00e9gie et Transformation\u200b chez Migros Gen\u00e8ve<\/a><\/h3><div class=\"sp-collapse spcollapse collapsed show\" id=\"collapse7730\" data-parent=\"#sp-ea-773\" role=\"region\" aria-labelledby=\"ea-header-7730\"><div class=\"ea-body\"><ul>\n<li>Contribution \u00e0 la mise en \u0153uvre de la strat\u00e9gie de transformation du r\u00e9seau de supermarch\u00e9s Migros, programme national visant la refonte du mod\u00e8le (offre, exp\u00e9rience client, performance, organisation)<\/li>\n<li>Accompagnement des directions clients et r\u00e9seaux dans le d\u00e9ploiement op\u00e9rationnel des orientations strat\u00e9giques<\/li>\n<li>\u00c9laboration de business cases et d\u2019analyses d\u2019opportunit\u00e9s pour \u00e9clairer les d\u00e9cisions de la direction<\/li>\n<li>Construction et pilotage de plans d\u2019action strat\u00e9giques, en lien avec les directions m\u00e9tiers et r\u00e9seaux<\/li>\n<li>Suivi des KPI de performance business et proposition d\u2019ajustements strat\u00e9giques<\/li>\n<li>Coordination transverse entre directions, \u00e9quipes m\u00e9tiers et partenaires externes<br \/>\n- Accompagnement du changement et communication aupr\u00e8s des parties prenantes<\/li>\n<\/ul>\n<p><span data-ccp-props=\"{&quot;201341983&quot;:0,&quot;335551550&quot;:6,&quot;335551620&quot;:6,&quot;335559739&quot;:0,&quot;335559740&quot;:240}\">\u00a0<\/span><\/p>\n<p><img fetchpriority=\"high\" decoding=\"async\" class=\"alignnone size-full wp-image-90\" src=\"http:\/\/www.celinerifflart.com\/wp-content\/uploads\/2023\/12\/migros.png\" alt=\"\" width=\"225\" height=\"225\" \/><\/p>\n<\/div><\/div><\/div><div class=\"ea-card  sp-ea-single\"><h3 class=\"ea-header\"><a class=\"collapsed\" id=\"ea-header-7731\" data-sptoggle=\"spcollapse\" data-sptarget=\"#collapse7731\" aria-controls=\"collapse7731\" href=\"javascript:void(0)\"  aria-expanded=\"false\" tabindex=\"0\"><i class=\"ea-expand-icon ea-icon-expand-plus\"><\/i> 2020 -2024 , Responsable Marketing &amp; D\u00e9veloppement de Marque \u2013 nature&amp;  chez Migros Gen\u00e8ve<\/a><\/h3><div class=\"sp-collapse spcollapse \" id=\"collapse7731\" data-parent=\"#sp-ea-773\" role=\"region\" aria-labelledby=\"ea-header-7731\"><div class=\"ea-body\"><ul>\n<li>\u00a0Pilotage de la cr\u00e9ation du concept nature&amp; de A \u00e0 Z : cadrage strat\u00e9gique, business model, positionnement de marque et plateforme de marque, jusqu\u2019\u00e0 l\u2019ouverture op\u00e9rationnelle des points de vente<\/li>\n<li>\u00c9laboration et d\u00e9ploiement du plan marketing et communication 360\u00b0 (on &amp; offline), incluant la charte graphique et la strat\u00e9gie digitale<\/li>\n<li>D\u00e9finition et pilotage de la strat\u00e9gie d\u2019activation client et du plan d\u2019animation commerciale<\/li>\n<li>Category management des assortiments alimentaires et non alimentaires<\/li>\n<li>D\u00e9veloppement de partenariats strat\u00e9giques (Naturalia, acteurs locaux du BIO)<\/li>\n<li>Management transverse d\u2019\u00e9quipes pluridisciplinaires et des parties prenantes internes\/externes<\/li>\n<li>Suivi des KPI marketing, commerciaux et op\u00e9rationnels, et optimisation continue de la performance<\/li>\n<li>Repr\u00e9sentation de Migros Gen\u00e8ve dans les instances nationales sur les sujets de strat\u00e9gie BIO<\/li>\n<\/ul>\n<p><a href=\"http:\/\/www.celinerifflart.com\/wp-content\/uploads\/2024\/04\/RIFFLART-Celine_certificat-de-travail-Migros.pdf\" target=\"_blank\" rel=\"noopener\"><span style=\"vertical-align: inherit\"><span style=\"vertical-align: inherit\"><span style=\"vertical-align: inherit\"><span style=\"vertical-align: inherit\"><span style=\"vertical-align: inherit\"><span style=\"vertical-align: inherit\"><span style=\"vertical-align: inherit\"><span style=\"vertical-align: inherit\"><span style=\"vertical-align: inherit\"><span style=\"vertical-align: inherit\"><span style=\"vertical-align: inherit\"><span style=\"vertical-align: inherit\"><span dir=\"auto\" style=\"vertical-align: inherit\"><span dir=\"auto\" style=\"vertical-align: inherit\"><span dir=\"auto\" style=\"vertical-align: inherit\"><span dir=\"auto\" style=\"vertical-align: inherit\"><span dir=\"auto\" style=\"vertical-align: inherit\"><span dir=\"auto\" style=\"vertical-align: inherit\">RIFFLART C\u00e9line - Certificat de travail MIGROS<\/span><\/span><\/span><\/span><\/span><\/span><\/span><\/span><\/span><\/span><\/span><\/span><\/span><\/span><\/span><\/span><\/span><\/span><\/a><\/p>\n<p><a href=\"http:\/\/MIGROS.CH\"><img decoding=\"async\" class=\"alignnone wp-image-90\" src=\"http:\/\/www.celinerifflart.com\/wp-content\/uploads\/2023\/12\/migros.png\" alt=\"\" width=\"141\" height=\"141\" \/><\/a><\/p>\n<\/div><\/div><\/div><div class=\"ea-card  sp-ea-single\"><h3 class=\"ea-header\"><a class=\"collapsed\" id=\"ea-header-7732\" data-sptoggle=\"spcollapse\" data-sptarget=\"#collapse7732\" aria-controls=\"collapse7732\" href=\"javascript:void(0)\"  aria-expanded=\"false\" tabindex=\"0\"><i class=\"ea-expand-icon ea-icon-expand-plus\"><\/i> 2018 -2019 , Directrice de magasins chez Le Grand Panier BIO<\/a><\/h3><div class=\"sp-collapse spcollapse \" id=\"collapse7732\" data-parent=\"#sp-ea-773\" role=\"region\" aria-labelledby=\"ea-header-7732\"><div class=\"ea-body\"><ul>\n<li>\u00a0Pilotage du projet d\u2019ouverture du magasin d\u2019Anthy, de la pr\u00e9paration \u00e0 la mise en exploitation (cadrage, planning, coordination).<\/li>\n<li>\u00a0Gestion de deux centres de profit (CA cumul\u00e9 7 M\u20ac) et pilotage de la performance.<\/li>\n<li>Management et animation d\u2019une \u00e9quipe de 10 collaborateurs dans un environnement multi-activit\u00e9s.<\/li>\n<li>D\u00e9finition et mise en \u0153uvre de la strat\u00e9gie d\u2019achats et pilotage des assortiments.<\/li>\n<li>Conception et d\u00e9ploiement de plans marketing et communication r\u00e9gionaux, align\u00e9s avec les enjeux business.<\/li>\n<li>Lancement et d\u00e9veloppement de la gamme \u00ab Fait maison \u00bb, en collaboration directe avec les \u00e9quipes de boulangers et de bouchers en magasin, de la conception \u00e0 la mise sur le march\u00e9.<\/li>\n<li>\u00a0Lancement et mise en place du drive<\/li>\n<li>Suivi de la performance via indicateurs commerciaux et op\u00e9rationnels (CA, marges, rotation, trafic).<\/li>\n<li>Environnement food service multi-activit\u00e9s (boulangerie, boucherie, \u00e9picerie).<\/li>\n<\/ul>\n<\/div><\/div><\/div><div class=\"ea-card  sp-ea-single\"><h3 class=\"ea-header\"><a class=\"collapsed\" id=\"ea-header-7733\" data-sptoggle=\"spcollapse\" data-sptarget=\"#collapse7733\" aria-controls=\"collapse7733\" href=\"javascript:void(0)\"  aria-expanded=\"false\" tabindex=\"0\"><i class=\"ea-expand-icon ea-icon-expand-plus\"><\/i> 2017 - 2019, Fondatrice et g\u00e9rante de ByeByeNits<\/a><\/h3><div class=\"sp-collapse spcollapse \" id=\"collapse7733\" data-parent=\"#sp-ea-773\" role=\"region\" aria-labelledby=\"ea-header-7733\"><div class=\"ea-body\"><ul>\n<li>\u00a0Cr\u00e9ation et d\u00e9veloppement d\u2019une marque B2C innovante, de l\u2019id\u00e9ation au d\u00e9ploiement op\u00e9rationnel<\/li>\n<li>\u00a0\u00c9laboration du business plan, structuration du mod\u00e8le \u00e9conomique et pilotage de la rentabilit\u00e9<\/li>\n<li>\u00a0Gestion globale de l\u2019entreprise : op\u00e9rations, organisation, fournisseurs, suivi financier et administratif<\/li>\n<li>D\u00e9finition et mise en \u0153uvre de la strat\u00e9gie marketing et digitale (acquisition, visibilit\u00e9, notori\u00e9t\u00e9)<\/li>\n<li>\u00a0Recrutement, management et animation d\u2019une \u00e9quipe d\u00e9di\u00e9e<\/li>\n<li>Laur\u00e9ate R\u00e9seau Entreprendre<\/li>\n<\/ul>\n<p><a href=\"http:\/\/byebyenits.com\/\" target=\"_blank\" rel=\"noopener\"><img decoding=\"async\" class=\"alignnone wp-image-149\" src=\"http:\/\/www.celinerifflart.com\/wp-content\/uploads\/2023\/12\/logo_final_bbn-300x300-1.jpeg\" alt=\"\" width=\"141\" height=\"141\" \/><\/a><\/p>\n<\/div><\/div><\/div><div class=\"ea-card  sp-ea-single\"><h3 class=\"ea-header\"><a class=\"collapsed\" id=\"ea-header-7734\" data-sptoggle=\"spcollapse\" data-sptarget=\"#collapse7734\" aria-controls=\"collapse7734\" href=\"javascript:void(0)\"  aria-expanded=\"false\" tabindex=\"0\"><i class=\"ea-expand-icon ea-icon-expand-plus\"><\/i> 2016, Chef de groupe Marketing chez Aim\u00e9 Pouly SA<\/a><\/h3><div class=\"sp-collapse spcollapse \" id=\"collapse7734\" data-parent=\"#sp-ea-773\" role=\"region\" aria-labelledby=\"ea-header-7734\"><div class=\"ea-body\"><ul>\n<li>\n<p class=\"cvGsUA direction-ltr align-start para-style-body\">CDD de 6 mois (remplacement cong\u00e9 maternit\u00e9) au sein d\u2019un acteur industriel de la boulangerie et du food service en Suisse romande.<\/p>\n<\/li>\n<li>\n<p class=\"cvGsUA direction-ltr align-start para-style-body\">Pilotage du lancement d\u2019une nouvelle gamme de produits, de la d\u00e9finition du mix marketing \u00e0 la mise sur le march\u00e9.<\/p>\n<\/li>\n<li>\n<p class=\"cvGsUA direction-ltr align-start para-style-body\">D\u00e9finition du mix marketing et coordination des \u00e9quipes internes.<\/p>\n<\/li>\n<li>\n<p class=\"cvGsUA direction-ltr align-start para-style-body\">Suivi de la performance commerciale du lancement.<\/p>\n<\/li>\n<\/ul>\n<p><a href=\"https:\/\/aimepouly.ch\/\" target=\"_blank\" rel=\"noopener\"><img loading=\"lazy\" decoding=\"async\" class=\"alignnone wp-image-676\" src=\"http:\/\/www.celinerifflart.com\/wp-content\/uploads\/2024\/03\/aime-393x393.png-300x300.webp\" alt=\"\" width=\"141\" height=\"141\" \/><\/a><\/p>\n<\/div><\/div><\/div><div class=\"ea-card  sp-ea-single\"><h3 class=\"ea-header\"><a class=\"collapsed\" id=\"ea-header-7735\" data-sptoggle=\"spcollapse\" data-sptarget=\"#collapse7735\" aria-controls=\"collapse7735\" href=\"javascript:void(0)\"  aria-expanded=\"false\" tabindex=\"0\"><i class=\"ea-expand-icon ea-icon-expand-plus\"><\/i> 2013 - 2016, Category Manager Food &amp; Beverages chez Valora AG<\/a><\/h3><div class=\"sp-collapse spcollapse \" id=\"collapse7735\" data-parent=\"#sp-ea-773\" role=\"region\" aria-labelledby=\"ea-header-7735\"><div class=\"ea-body\"><ul>\n<li>Pilotage strat\u00e9gique de cat\u00e9gories produits Food &amp; Beverages (assortiment, pricing, promotions) en environnement FMCG et hospitality.<\/li>\n<li>D\u00e9ploiement de concepts de restauration en Travel Retail.<\/li>\n<li>Introduction et d\u00e9ploiement de Subway en Travel Retail Suisse romande : 4 ouvertures en 2 ans (r\u00e9seau CFF) : pilotage de l\u2019assortiment, pricing, promotions et animations, en lien direct avec l\u2019enseigne pour l\u2019adaptation du mod\u00e8le et des recettes au march\u00e9 suisse.<\/li>\n<li>Gestion de projets transverses (supply chain, marketing, op\u00e9rations) en environnement Travel Retail exigeant, multi-interlocuteurs.<\/li>\n<\/ul>\n<p><a href=\"http:\/\/www.celinerifflart.com\/wp-content\/uploads\/2024\/04\/Certificat-NAVILLE-Celine-R.pdf\" target=\"_blank\" rel=\"noopener\"><span style=\"vertical-align: inherit\"><span style=\"vertical-align: inherit\">RIFFLART C\u00e9line - Certificat de travail NAVILLE<\/span><\/span><\/a><\/p>\n<p><a href=\"https:\/\/www.valora.com\/en\/\" target=\"_blank\" rel=\"noopener\"><img loading=\"lazy\" decoding=\"async\" class=\"alignnone wp-image-150\" src=\"http:\/\/www.celinerifflart.com\/wp-content\/uploads\/2023\/12\/0.png\" alt=\"\" width=\"140\" height=\"140\" \/><\/a><\/p>\n<\/div><\/div><\/div><div class=\"ea-card  sp-ea-single\"><h3 class=\"ea-header\"><a class=\"collapsed\" id=\"ea-header-7736\" data-sptoggle=\"spcollapse\" data-sptarget=\"#collapse7736\" aria-controls=\"collapse7736\" href=\"javascript:void(0)\"  aria-expanded=\"false\" tabindex=\"0\"><i class=\"ea-expand-icon ea-icon-expand-plus\"><\/i> 2006 - 2012, Chef de produit chez Britvic PLC<\/a><\/h3><div class=\"sp-collapse spcollapse \" id=\"collapse7736\" data-parent=\"#sp-ea-773\" role=\"region\" aria-labelledby=\"ea-header-7736\"><div class=\"ea-body\"><p><strong>Chef de produit :<\/strong><\/p>\n<p>CDI\u00a0:\u00a0\u00a0D\u00e9veloppement\u00a0\u00a0des innovations et gestion des produits\u00a0corebusiness de la marque de jus de fruits\u00a0Pressade(marque leader des jus de fruits Bio en France),\u00a0reportinget analyses de march\u00e9, d\u00e9finition des plans marketing \/media et mise en place op\u00e9rationnelle, webmarketing (site internet, blog, affiliation, marketing communautaire, jeux-concours),\u00a0\u00a0gestion du budget de la marque,\u00a0\u00a0refonte packaging\u2026<\/p>\n<p><strong>Chef de produit junior :<\/strong><\/p>\n<p>CDI\u00a0:\u00a0\u00a0Gestion des op\u00e9rations promotionnelles\u00a0\u00a0et de sponsoring des marques Fruit\u00e9 et\u00a0Pressade, participation au d\u00e9veloppement des innovations (R&amp;D, packaging, suivi des r\u00e9sultats), mise en place de projet en partenariat avec les distributeurs, utilisation des panels distributeur (IRI) et consommateur (KANTAR), d\u00e9ploiement de la strat\u00e9gie web (refonte du site,\u00a0blogging)<\/p>\n<p><strong>Assistante Chef de produit :<\/strong><\/p>\n<p>Contrat d\u2019alternance d\u20191an :\u00a0Packaging des innovations Fruit\u00e9 et\u00a0Pressade, optimisation des gammes existantes, mise en place op\u00e9rationnelle des promotions,\u00a0reporting, animation des\u00a0\u00a0sites Internet (Fruit\u00e9,\u00a0Pressade),\u00a0\u2026<\/p>\n<p><a href=\"https:\/\/www.britvic.com\/fr\/\" target=\"_blank\" rel=\"noopener\"><img loading=\"lazy\" decoding=\"async\" class=\"alignnone wp-image-152\" src=\"http:\/\/www.celinerifflart.com\/wp-content\/uploads\/2023\/12\/logo.jpeg\" alt=\"\" width=\"221\" height=\"71\" \/><\/a>\u00a0 \u00a0 \u00a0 \u00a0<img loading=\"lazy\" decoding=\"async\" class=\"alignnone wp-image-87\" src=\"http:\/\/www.celinerifflart.com\/wp-content\/uploads\/2023\/12\/logo-Pressade-ogkwapirnhb3n88aboek63xt7nj6rjt43gxdmxperk.jpeg\" alt=\"\" width=\"133\" height=\"71\" \/><\/p>\n<\/div><\/div><\/div><\/div><\/div>\t\t<\/div>\n\t\t\t\t<\/div>\n\t\t\t\t\t<\/div>\n\t\t\t\t<\/div>\n\t\t<div class=\"elementor-element elementor-element-a94c2e2 e-flex e-con-boxed wpr-particle-no wpr-jarallax-no wpr-parallax-no wpr-sticky-section-no e-con e-parent\" data-id=\"a94c2e2\" data-element_type=\"container\" data-settings=\"{&quot;content_width&quot;:&quot;boxed&quot;}\" data-core-v316-plus=\"true\">\n\t\t\t\t\t<div class=\"e-con-inner\">\n\t\t\t\t<div class=\"elementor-element elementor-element-0b922cf elementor-widget elementor-widget-spacer\" data-id=\"0b922cf\" data-element_type=\"widget\" data-widget_type=\"spacer.default\">\n\t\t\t\t<div class=\"elementor-widget-container\">\n\t\t\t\t\t<div class=\"elementor-spacer\">\n\t\t\t<div class=\"elementor-spacer-inner\"><\/div>\n\t\t<\/div>\n\t\t\t\t<\/div>\n\t\t\t\t<\/div>\n\t\t\t\t\t<\/div>\n\t\t\t\t<\/div>\n\t\t<div class=\"elementor-element elementor-element-4c9ae71 e-flex e-con-boxed wpr-particle-no wpr-jarallax-no wpr-parallax-no wpr-sticky-section-no e-con e-parent\" data-id=\"4c9ae71\" data-element_type=\"container\" data-settings=\"{&quot;content_width&quot;:&quot;boxed&quot;}\" data-core-v316-plus=\"true\">\n\t\t\t\t\t<div class=\"e-con-inner\">\n\t\t\t\t<div class=\"elementor-element elementor-element-7f8f58f elementor-widget elementor-widget-button\" data-id=\"7f8f58f\" data-element_type=\"widget\" data-widget_type=\"button.default\">\n\t\t\t\t<div class=\"elementor-widget-container\">\n\t\t\t\t\t<div class=\"elementor-button-wrapper\">\n\t\t\t<a class=\"elementor-button elementor-button-link elementor-size-sm\" href=\"#\">\n\t\t\t\t\t\t<span class=\"elementor-button-content-wrapper\">\n\t\t\t\t\t\t<span class=\"elementor-button-text\">Cliquez ici<\/span>\n\t\t<\/span>\n\t\t\t\t\t<\/a>\n\t\t<\/div>\n\t\t\t\t<\/div>\n\t\t\t\t<\/div>\n\t\t\t\t\t<\/div>\n\t\t\t\t<\/div>\n\t\t\t\t\t\t\t<\/div>\n\t\t","protected":false},"excerpt":{"rendered":"<p>Depuis Juillet 2024, Responsable projets Strat\u00e9gie et Transformation\u200b chez Migros Gen\u00e8ve Pilotage de projets strat\u00e9giques et de transformation dans le cadre de la strat\u00e9gie Migros Supermarch\u00e9 2030 \u00e0 l&rsquo;\u00e9chelle de la coop\u00e9rative genevoise Conduite du changement sur les deux volets : accompagnement humain des directions et \u00e9quipes m\u00e9tiers + dimension structurelle (remise \u00e0 plat des<\/p>\n<div class=\"more-link\">\n             <a href=\"https:\/\/www.celinerifflart.com\/index.php\/experiences\/\" class=\"read-more\">Read More<i class=\"fa fa-caret-right\"><\/i><\/a>\n        <\/div>\n","protected":false},"author":1,"featured_media":0,"parent":0,"menu_order":0,"comment_status":"closed","ping_status":"closed","template":"","meta":{"footnotes":""},"class_list":["post-37","page","type-page","status-publish","hentry"],"yoast_head":"<!-- This site is optimized with the Yoast SEO plugin v22.8 - https:\/\/yoast.com\/wordpress\/plugins\/seo\/ -->\n<title>Exp\u00e9riences -<\/title>\n<meta name=\"robots\" content=\"index, follow, max-snippet:-1, max-image-preview:large, max-video-preview:-1\" \/>\n<link rel=\"canonical\" href=\"https:\/\/www.celinerifflart.com\/index.php\/experiences\/\" \/>\n<meta property=\"og:locale\" content=\"fr_FR\" \/>\n<meta property=\"og:type\" content=\"article\" \/>\n<meta property=\"og:title\" content=\"Exp\u00e9riences -\" \/>\n<meta property=\"og:description\" content=\"Depuis Juillet 2024, Responsable projets Strat\u00e9gie et Transformation\u200b chez Migros Gen\u00e8ve Pilotage de projets strat\u00e9giques et de transformation dans le cadre de la strat\u00e9gie Migros Supermarch\u00e9 2030 \u00e0 l&rsquo;\u00e9chelle de la coop\u00e9rative genevoise Conduite du changement sur les deux volets : accompagnement humain des directions et \u00e9quipes m\u00e9tiers + dimension structurelle (remise \u00e0 plat des        Read More\" \/>\n<meta property=\"og:url\" content=\"https:\/\/www.celinerifflart.com\/index.php\/experiences\/\" \/>\n<meta property=\"article:modified_time\" content=\"2026-07-25T13:08:09+00:00\" \/>\n<meta property=\"og:image\" content=\"http:\/\/www.celinerifflart.com\/wp-content\/uploads\/2023\/12\/migros.png\" \/>\n<meta name=\"twitter:card\" content=\"summary_large_image\" \/>\n<meta name=\"twitter:label1\" content=\"Dur\u00e9e de lecture estim\u00e9e\" \/>\n\t<meta name=\"twitter:data1\" content=\"7 minutes\" \/>\n<script type=\"application\/ld+json\" class=\"yoast-schema-graph\">{\"@context\":\"https:\/\/schema.org\",\"@graph\":[{\"@type\":\"WebPage\",\"@id\":\"https:\/\/www.celinerifflart.com\/index.php\/experiences\/\",\"url\":\"https:\/\/www.celinerifflart.com\/index.php\/experiences\/\",\"name\":\"Exp\u00e9riences -\",\"isPartOf\":{\"@id\":\"https:\/\/www.celinerifflart.com\/#website\"},\"primaryImageOfPage\":{\"@id\":\"https:\/\/www.celinerifflart.com\/index.php\/experiences\/#primaryimage\"},\"image\":{\"@id\":\"https:\/\/www.celinerifflart.com\/index.php\/experiences\/#primaryimage\"},\"thumbnailUrl\":\"http:\/\/www.celinerifflart.com\/wp-content\/uploads\/2023\/12\/migros.png\",\"datePublished\":\"2023-12-11T20:27:29+00:00\",\"dateModified\":\"2026-07-25T13:08:09+00:00\",\"breadcrumb\":{\"@id\":\"https:\/\/www.celinerifflart.com\/index.php\/experiences\/#breadcrumb\"},\"inLanguage\":\"fr-FR\",\"potentialAction\":[{\"@type\":\"ReadAction\",\"target\":[\"https:\/\/www.celinerifflart.com\/index.php\/experiences\/\"]}]},{\"@type\":\"ImageObject\",\"inLanguage\":\"fr-FR\",\"@id\":\"https:\/\/www.celinerifflart.com\/index.php\/experiences\/#primaryimage\",\"url\":\"https:\/\/www.celinerifflart.com\/wp-content\/uploads\/2023\/12\/migros.png\",\"contentUrl\":\"https:\/\/www.celinerifflart.com\/wp-content\/uploads\/2023\/12\/migros.png\",\"width\":225,\"height\":225},{\"@type\":\"BreadcrumbList\",\"@id\":\"https:\/\/www.celinerifflart.com\/index.php\/experiences\/#breadcrumb\",\"itemListElement\":[{\"@type\":\"ListItem\",\"position\":1,\"name\":\"Home\",\"item\":\"https:\/\/www.celinerifflart.com\/\"},{\"@type\":\"ListItem\",\"position\":2,\"name\":\"Exp\u00e9riences\"}]},{\"@type\":\"WebSite\",\"@id\":\"https:\/\/www.celinerifflart.com\/#website\",\"url\":\"https:\/\/www.celinerifflart.com\/\",\"name\":\"\",\"description\":\"Strat\u00e9gie Business &amp; D\u00e9veloppement - Food &amp; Retail |\",\"potentialAction\":[{\"@type\":\"SearchAction\",\"target\":{\"@type\":\"EntryPoint\",\"urlTemplate\":\"https:\/\/www.celinerifflart.com\/?s={search_term_string}\"},\"query-input\":\"required name=search_term_string\"}],\"inLanguage\":\"fr-FR\"}]}<\/script>\n<!-- \/ Yoast SEO plugin. -->","yoast_head_json":{"title":"Exp\u00e9riences -","robots":{"index":"index","follow":"follow","max-snippet":"max-snippet:-1","max-image-preview":"max-image-preview:large","max-video-preview":"max-video-preview:-1"},"canonical":"https:\/\/www.celinerifflart.com\/index.php\/experiences\/","og_locale":"fr_FR","og_type":"article","og_title":"Exp\u00e9riences -","og_description":"Depuis Juillet 2024, Responsable projets Strat\u00e9gie et Transformation\u200b chez Migros Gen\u00e8ve Pilotage de projets strat\u00e9giques et de transformation dans le cadre de la strat\u00e9gie Migros Supermarch\u00e9 2030 \u00e0 l&rsquo;\u00e9chelle de la coop\u00e9rative genevoise Conduite du changement sur les deux volets : accompagnement humain des directions et \u00e9quipes m\u00e9tiers + dimension structurelle (remise \u00e0 plat des        Read More","og_url":"https:\/\/www.celinerifflart.com\/index.php\/experiences\/","article_modified_time":"2026-07-25T13:08:09+00:00","og_image":[{"url":"http:\/\/www.celinerifflart.com\/wp-content\/uploads\/2023\/12\/migros.png"}],"twitter_card":"summary_large_image","twitter_misc":{"Dur\u00e9e de lecture estim\u00e9e":"7 minutes"},"schema":{"@context":"https:\/\/schema.org","@graph":[{"@type":"WebPage","@id":"https:\/\/www.celinerifflart.com\/index.php\/experiences\/","url":"https:\/\/www.celinerifflart.com\/index.php\/experiences\/","name":"Exp\u00e9riences -","isPartOf":{"@id":"https:\/\/www.celinerifflart.com\/#website"},"primaryImageOfPage":{"@id":"https:\/\/www.celinerifflart.com\/index.php\/experiences\/#primaryimage"},"image":{"@id":"https:\/\/www.celinerifflart.com\/index.php\/experiences\/#primaryimage"},"thumbnailUrl":"http:\/\/www.celinerifflart.com\/wp-content\/uploads\/2023\/12\/migros.png","datePublished":"2023-12-11T20:27:29+00:00","dateModified":"2026-07-25T13:08:09+00:00","breadcrumb":{"@id":"https:\/\/www.celinerifflart.com\/index.php\/experiences\/#breadcrumb"},"inLanguage":"fr-FR","potentialAction":[{"@type":"ReadAction","target":["https:\/\/www.celinerifflart.com\/index.php\/experiences\/"]}]},{"@type":"ImageObject","inLanguage":"fr-FR","@id":"https:\/\/www.celinerifflart.com\/index.php\/experiences\/#primaryimage","url":"https:\/\/www.celinerifflart.com\/wp-content\/uploads\/2023\/12\/migros.png","contentUrl":"https:\/\/www.celinerifflart.com\/wp-content\/uploads\/2023\/12\/migros.png","width":225,"height":225},{"@type":"BreadcrumbList","@id":"https:\/\/www.celinerifflart.com\/index.php\/experiences\/#breadcrumb","itemListElement":[{"@type":"ListItem","position":1,"name":"Home","item":"https:\/\/www.celinerifflart.com\/"},{"@type":"ListItem","position":2,"name":"Exp\u00e9riences"}]},{"@type":"WebSite","@id":"https:\/\/www.celinerifflart.com\/#website","url":"https:\/\/www.celinerifflart.com\/","name":"","description":"Strat\u00e9gie Business &amp; D\u00e9veloppement - Food &amp; Retail |","potentialAction":[{"@type":"SearchAction","target":{"@type":"EntryPoint","urlTemplate":"https:\/\/www.celinerifflart.com\/?s={search_term_string}"},"query-input":"required name=search_term_string"}],"inLanguage":"fr-FR"}]}},"rttpg_featured_image_url":null,"rttpg_author":{"display_name":"celinerifflart","author_link":"https:\/\/www.celinerifflart.com\/index.php\/author\/celinerifflart\/"},"rttpg_comment":0,"rttpg_category":null,"rttpg_excerpt":"Depuis Juillet 2024, Responsable projets Strat\u00e9gie et Transformation\u200b chez Migros Gen\u00e8ve Pilotage de projets strat\u00e9giques et de transformation dans le cadre de la strat\u00e9gie Migros Supermarch\u00e9 2030 \u00e0 l&rsquo;\u00e9chelle de la coop\u00e9rative genevoise Conduite du changement sur les deux volets : accompagnement humain des directions et \u00e9quipes m\u00e9tiers + dimension structurelle (remise \u00e0 plat des\u2026","_links":{"self":[{"href":"https:\/\/www.celinerifflart.com\/index.php\/wp-json\/wp\/v2\/pages\/37","targetHints":{"allow":["GET"]}}],"collection":[{"href":"https:\/\/www.celinerifflart.com\/index.php\/wp-json\/wp\/v2\/pages"}],"about":[{"href":"https:\/\/www.celinerifflart.com\/index.php\/wp-json\/wp\/v2\/types\/page"}],"author":[{"embeddable":true,"href":"https:\/\/www.celinerifflart.com\/index.php\/wp-json\/wp\/v2\/users\/1"}],"replies":[{"embeddable":true,"href":"https:\/\/www.celinerifflart.com\/index.php\/wp-json\/wp\/v2\/comments?post=37"}],"version-history":[{"count":67,"href":"https:\/\/www.celinerifflart.com\/index.php\/wp-json\/wp\/v2\/pages\/37\/revisions"}],"predecessor-version":[{"id":1170,"href":"https:\/\/www.celinerifflart.com\/index.php\/wp-json\/wp\/v2\/pages\/37\/revisions\/1170"}],"wp:attachment":[{"href":"https:\/\/www.celinerifflart.com\/index.php\/wp-json\/wp\/v2\/media?parent=37"}],"curies":[{"name":"wp","href":"https:\/\/api.w.org\/{rel}","templated":true}]}}